{"id":4016,"date":"2025-12-12T16:25:57","date_gmt":"2025-12-12T15:25:57","guid":{"rendered":"https:\/\/tarnabyalpint.se\/?post_type=kalender-tarnaby&#038;p=4016"},"modified":"2025-12-18T12:48:40","modified_gmt":"2025-12-18T11:48:40","slug":"christmas-new-year-2025","status":"publish","type":"kalender-tarnaby","link":"https:\/\/tarnabyalpint.se\/en\/kalender-tarnaby\/jul-nyars-2025\/","title":{"rendered":"Celebrate Christmas and New Year in T\u00e4rnaby - lots of skiing, fun and activities"},"content":{"rendered":"<div class=\"wpb-content-wrapper\"><div data-parent=\"true\" class=\"vc_row row-container\" id=\"row-unique-0\"><div class=\"row no-top-padding single-bottom-padding no-h-padding limit-width row-parent\"><div class=\"wpb_row row-inner\"><div class=\"wpb_column pos-top pos-center align_center column_parent col-lg-3 mobile-hidden single-internal-gutter\"><div class=\"uncol style-light\"  ><div class=\"uncoltable\"><div class=\"uncell no-block-padding\" ><div class=\"uncont\" ><\/div><\/div><\/div><\/div><\/div><div class=\"wpb_column pos-top pos-center align_center column_parent col-lg-6 single-internal-gutter\"><div class=\"uncol style-light\"  ><div class=\"uncoltable\"><div class=\"uncell no-block-padding\" ><div class=\"uncont\" ><div class=\"uncode_text_column\" ><\/p>\n<h2>Merry Christmas to all you ski lovers! You are warmly welcome to ski in T\u00e4rnaby during Christmas.<\/h2>\n<p><strong>We are open every day for both big and small skiers. We have loaded up with firewood for our barbecue areas, slopes groomed and ready and we hope that the snow will fall so that the off-piste will be magical during Christmas. You will find food in Cafe T\u00e4rningen and we will also open up the waffle parlour.<\/strong><\/p>\n<p>Lift passes for T\u00e4rnaby and Hemavan can be bought from the vending machine at Anjaliften, Sporthotellet or Ingemarbacken.<\/p>\n<p>Why not end a day in T\u00e4rnaby on the cross-country track or an evening at the bowling alley.<\/p>\n<p>T\u00e4rnaby Sporthotell and T\u00e4rnaby Fj\u00e4llhotellet offer food and activities during Christmas. The hotels are open for lunch and dinner during the Christmas holidays. For more information and opening hours see <strong><a href=\"https:\/\/tarnabysporthotell.se\" target=\"_blank\" rel=\"noopener\">tarnabysporthotell.se<\/a><\/strong> and <strong><a href=\"http:\/\/tarnabyfjallhotell.com\" target=\"_blank\" rel=\"noopener\">tarnabyfjallhotell.com<\/a><\/strong>.<\/p>\n<h3>Welcome to a fun Christmas for the whole family in T\u00e4rnaby!<\/h3>\n<h4><strong><a href=\"#programmet\">You can find the full programme below<\/a> \u00bb<\/strong><\/h4>\n<p>\n<\/div><\/div><\/div><\/div><\/div><\/div><div class=\"wpb_column pos-top pos-center align_left column_parent col-lg-3 mobile-hidden single-internal-gutter\"><div class=\"uncol style-light\"  ><div class=\"uncoltable\"><div class=\"uncell no-block-padding\" ><div class=\"uncont\" ><\/div><\/div><\/div><\/div><\/div><script id=\"script-row-unique-0\" data-row=\"script-row-unique-0\" type=\"text\/javascript\" class=\"vc_controls\">UNCODE.initRow(document.getElementById(\"row-unique-0\"));<\/script><\/div><\/div><\/div><div data-parent=\"true\" class=\"vc_row row-container\" id=\"row-unique-1\"><div class=\"row single-top-padding single-bottom-padding no-h-padding limit-width row-parent\"><div class=\"wpb_row row-inner\"><div class=\"wpb_column pos-top pos-center align_center column_parent col-lg-6 single-internal-gutter\"><div class=\"uncol style-light\"  ><div class=\"uncoltable\"><div class=\"uncell no-block-padding\" ><div class=\"uncont\" ><div id=\"index-loop-aktuellt-1\" class=\"isotope-system isotope-general-light grid-general-light\" >\n\t\t\t\n\t\t\t\t\t\t\t\t\t\t\t\t\t\t<div class=\"isotope-wrapper grid-wrapper single-gutter\" >\t\t\t\t\t\t\t\t\t\t\t\t<div class=\"isotope-container grid-container isotope-layout style-masonry isotope-pagination grid-pagination\" data-type=\"masonry\" data-layout=\"fitRows\" data-lg=\"1000\" data-md=\"600\" data-sm=\"480\" data-vp-height=\"\">\t\t\t<div class=\"tmb atc-typography-inherit tmb-iso-w4 tmb-iso-h4 img-round img-round-std tmb-light tmb-text-showed tmb-overlay-text-anim tmb-overlay-anim tmb-content-left tmb-text-space-reduced tmb-image-anim tmb-bordered tmb-meta-size-default tmb-meta-transform-uppercase  grid-cat-31 grid-cat-193 tmb-id-4023 tmb-img-ratio tmb-content-under tmb-media-first tmb-no-bg\" ><div class=\"t-inside no-anim\" ><div class=\"t-entry-visual\"><div class=\"t-entry-visual-tc\"><div class=\"t-entry-visual-cont\"><div class=\"dummy\" style=\"padding-top: 80%;\"><\/div><a role=\"button\" tabindex=\"-1\" href=\"https:\/\/tarnabyalpint.se\/en\/aktuellt\/tarnabys-snowpark-oppen-hela-julen-2025\/\" class=\"pushed\" aria-label=\"Christmas Snowpark Skiing T\u00e4rnaby Alpine 3x2 ver1\"  target=\"_self\" data-lb-index=\"0\"><div class=\"t-entry-visual-overlay\"><div class=\"t-entry-visual-overlay-in style-dark-bg\" style=\"opacity: 0.25;\"><\/div><\/div><img decoding=\"async\" class=\"wp-image-4030\" src=\"https:\/\/tarnabyalpint.se\/wp-content\/uploads\/2025\/12\/Jul-Snowpark-Skidakning-Tarnaby-Alpint-3x2-ver1-scaled-uai-2133x1707.jpg\" width=\"2133\" height=\"1707\" alt=\"Christmas Snowpark Skiing T\u00e4rnaby Alpine 3x2 ver1\" \/><\/a><\/div>\n\t\t\t\t\t<\/div>\n\t\t\t\t<\/div><div class=\"t-entry-text\">\n\t\t\t\t\t\t\t\t\t<div class=\"t-entry-text-tc single-block-padding\"><div class=\"t-entry\"><h3 class=\"t-entry-title h4 title-scale\"><a href=\"https:\/\/tarnabyalpint.se\/en\/aktuellt\/tarnabys-snowpark-oppen-hela-julen-2025\/\" target=\"_self\">T\u00e4rnaby Snowpark open all Christmas<\/a><\/h3><p class=\"t-entry-readmore btn-container\"><a href=\"https:\/\/tarnabyalpint.se\/en\/aktuellt\/tarnabys-snowpark-oppen-hela-julen-2025\/\" class=\"btn btn-link btn-flat\" target=\"_self\">Read more<\/a><\/p><\/div><\/div>\n\t\t\t\t\t\t\t<\/div><\/div><\/div><div class=\"tmb atc-typography-inherit tmb-iso-w4 tmb-iso-h4 img-round img-round-std tmb-light tmb-text-showed tmb-overlay-text-anim tmb-overlay-anim tmb-content-left tmb-text-space-reduced tmb-image-anim tmb-bordered tmb-meta-size-default tmb-meta-transform-uppercase  grid-cat-193 grid-cat-31 tmb-id-4014 tmb-img-ratio tmb-content-under tmb-media-first tmb-no-bg\" ><div class=\"t-inside no-anim\" ><div class=\"t-entry-visual\"><div class=\"t-entry-visual-tc\"><div class=\"t-entry-visual-cont\"><div class=\"dummy\" style=\"padding-top: 80%;\"><\/div><a role=\"button\" tabindex=\"-1\" href=\"https:\/\/tarnabyalpint.se\/en\/aktuellt\/morkerakning-i-tarnaby-succen-fran-forra-sasongen-ar-tillbaks-2025\/\" class=\"pushed\" aria-label=\"Night skiing in T\u00e4rnaby Skiing with headlamp T\u00e4rnaby Alpint logo 2\"  target=\"_self\" data-lb-index=\"1\"><div class=\"t-entry-visual-overlay\"><div class=\"t-entry-visual-overlay-in style-dark-bg\" style=\"opacity: 0.25;\"><\/div><\/div><img decoding=\"async\" class=\"wp-image-3211\" src=\"https:\/\/tarnabyalpint.se\/wp-content\/uploads\/2024\/01\/Morkerakning-i-Tarnaby-Skidakning-med-pannlampa-Tarnaby-Alpint-logo-2-uai-1460x1168.jpg\" width=\"1460\" height=\"1168\" alt=\"Night skiing in T\u00e4rnaby Skiing with headlamp T\u00e4rnaby Alpint logo 2\" \/><\/a><\/div>\n\t\t\t\t\t<\/div>\n\t\t\t\t<\/div><div class=\"t-entry-text\">\n\t\t\t\t\t\t\t\t\t<div class=\"t-entry-text-tc single-block-padding\"><div class=\"t-entry\"><h3 class=\"t-entry-title h4 title-scale\"><a href=\"https:\/\/tarnabyalpint.se\/en\/aktuellt\/morkerakning-i-tarnaby-succen-fran-forra-sasongen-ar-tillbaks-2025\/\" target=\"_self\">Dark skating in T\u00e4rnaby - the success of last season is back!<\/a><\/h3><p class=\"t-entry-readmore btn-container\"><a href=\"https:\/\/tarnabyalpint.se\/en\/aktuellt\/morkerakning-i-tarnaby-succen-fran-forra-sasongen-ar-tillbaks-2025\/\" class=\"btn btn-link btn-flat\" target=\"_self\">Read more<\/a><\/p><\/div><\/div>\n\t\t\t\t\t\t\t<\/div><\/div><\/div><div class=\"tmb atc-typography-inherit tmb-iso-w4 tmb-iso-h4 img-round img-round-std tmb-light tmb-text-showed tmb-overlay-text-anim tmb-overlay-anim tmb-content-left tmb-text-space-reduced tmb-image-anim tmb-bordered tmb-meta-size-default tmb-meta-transform-uppercase  grid-cat-193 grid-cat-31 tmb-id-3999 tmb-img-ratio tmb-content-under tmb-media-first tmb-no-bg\" ><div class=\"t-inside no-anim\" ><div class=\"t-entry-visual\"><div class=\"t-entry-visual-tc\"><div class=\"t-entry-visual-cont\"><div class=\"dummy\" style=\"padding-top: 80%;\"><\/div><a role=\"button\" tabindex=\"-1\" href=\"https:\/\/tarnabyalpint.se\/en\/aktuellt\/offpistakning-i-tarnaby-las-var-guide-till-de-basta-puderstallena-julen-2025\/\" class=\"pushed\" aria-label=\"T\u00e4rnaby Piste map Laxfj\u00e4llet Off-piste Skiers Freeriding Loose snow Pow web\"  target=\"_self\" data-lb-index=\"2\"><div class=\"t-entry-visual-overlay\"><div class=\"t-entry-visual-overlay-in style-dark-bg\" style=\"opacity: 0.25;\"><\/div><\/div><img decoding=\"async\" class=\"wp-image-4001\" src=\"https:\/\/tarnabyalpint.se\/wp-content\/uploads\/2025\/12\/Tarnaby-Pistkarta-Laxfjallet-Offpist-Skidakare-Friakning-Lossno-Pow-webb-uai-1840x1472.jpg\" width=\"1840\" height=\"1472\" alt=\"T\u00e4rnaby Piste map Laxfj\u00e4llet Off-piste Skiers Freeriding Loose snow Pow web\" \/><\/a><\/div>\n\t\t\t\t\t<\/div>\n\t\t\t\t<\/div><div class=\"t-entry-text\">\n\t\t\t\t\t\t\t\t\t<div class=\"t-entry-text-tc single-block-padding\"><div class=\"t-entry\"><h3 class=\"t-entry-title h4 title-scale\"><a href=\"https:\/\/tarnabyalpint.se\/en\/aktuellt\/offpistakning-i-tarnaby-las-var-guide-till-de-basta-puderstallena-julen-2025\/\" target=\"_self\">Off-piste skiing in T\u00e4rnaby - read our guide to the best powder spots!<\/a><\/h3><p class=\"t-entry-readmore btn-container\"><a href=\"https:\/\/tarnabyalpint.se\/en\/aktuellt\/offpistakning-i-tarnaby-las-var-guide-till-de-basta-puderstallena-julen-2025\/\" class=\"btn btn-link btn-flat\" target=\"_self\">Read more<\/a><\/p><\/div><\/div>\n\t\t\t\t\t\t\t<\/div><\/div><\/div><div class=\"tmb atc-typography-inherit tmb-iso-w4 tmb-iso-h4 img-round img-round-std tmb-light tmb-text-showed tmb-overlay-text-anim tmb-overlay-anim tmb-content-left tmb-text-space-reduced tmb-image-anim tmb-bordered tmb-meta-size-default tmb-meta-transform-uppercase  grid-cat-193 grid-cat-31 tmb-id-4012 tmb-img-ratio tmb-content-under tmb-media-first tmb-no-bg\" ><div class=\"t-inside no-anim\" ><div class=\"t-entry-visual\"><div class=\"t-entry-visual-tc\"><div class=\"t-entry-visual-cont\"><div class=\"dummy\" style=\"padding-top: 80%;\"><\/div><a role=\"button\" tabindex=\"-1\" href=\"https:\/\/tarnabyalpint.se\/en\/aktuellt\/skidakning-pa-julafton-i-tarnaby-valkommen-till-ingemarbacken-2025\/\" class=\"pushed\" aria-label=\"T\u00e4rnabytomten Ingemarbacken T\u00e4rnaby Alpint Christmas Eve Christmas Skiing Freeriding T\u00e4rnaby Alpint web ver2\"  target=\"_self\" data-lb-index=\"3\"><div class=\"t-entry-visual-overlay\"><div class=\"t-entry-visual-overlay-in style-dark-bg\" style=\"opacity: 0.25;\"><\/div><\/div><img decoding=\"async\" class=\"wp-image-3071\" src=\"https:\/\/tarnabyalpint.se\/wp-content\/uploads\/2023\/12\/Tarnabytomten-Ingemarbacken-Tarnaby-Alpint-Julafton-Jul-Skidakning-Friakning-Tarnaby-Alpint-webb-ver2-scaled-uai-2133x1707.jpg\" width=\"2133\" height=\"1707\" alt=\"T\u00e4rnabytomten Ingemarbacken T\u00e4rnaby Alpint Christmas Eve Christmas Skiing Freeriding T\u00e4rnaby Alpint web ver2\" \/><\/a><\/div>\n\t\t\t\t\t<\/div>\n\t\t\t\t<\/div><div class=\"t-entry-text\">\n\t\t\t\t\t\t\t\t\t<div class=\"t-entry-text-tc single-block-padding\"><div class=\"t-entry\"><h3 class=\"t-entry-title h4 title-scale\"><a href=\"https:\/\/tarnabyalpint.se\/en\/aktuellt\/skidakning-pa-julafton-i-tarnaby-valkommen-till-ingemarbacken-2025\/\" target=\"_self\">Christmas Eve skiing in T\u00e4rnaby - welcome to Ingemarbacken<\/a><\/h3><p class=\"t-entry-readmore btn-container\"><a href=\"https:\/\/tarnabyalpint.se\/en\/aktuellt\/skidakning-pa-julafton-i-tarnaby-valkommen-till-ingemarbacken-2025\/\" class=\"btn btn-link btn-flat\" target=\"_self\">Read more<\/a><\/p><\/div><\/div>\n\t\t\t\t\t\t\t<\/div><\/div><\/div><div class=\"tmb atc-typography-inherit tmb-iso-w4 tmb-iso-h4 img-round img-round-std tmb-light tmb-text-showed tmb-overlay-text-anim tmb-overlay-anim tmb-content-left tmb-text-space-reduced tmb-image-anim tmb-bordered tmb-meta-size-default tmb-meta-transform-uppercase  grid-cat-193 grid-cat-31 tmb-id-4009 tmb-img-ratio tmb-content-under tmb-media-first tmb-no-bg\" ><div class=\"t-inside no-anim\" ><div class=\"t-entry-visual\"><div class=\"t-entry-visual-tc\"><div class=\"t-entry-visual-cont\"><div class=\"dummy\" style=\"padding-top: 80%;\"><\/div><a role=\"button\" tabindex=\"-1\" href=\"https:\/\/tarnabyalpint.se\/en\/aktuellt\/fackelslalom-i-ingemarbacken-pa-nyarsafton-2025\/\" class=\"pushed\" aria-label=\"New Year&#039;s Eve Torchlight slalom Skiing T\u00e4rnaby Alpint 3x2 ver1\"  target=\"_self\" data-lb-index=\"4\"><div class=\"t-entry-visual-overlay\"><div class=\"t-entry-visual-overlay-in style-dark-bg\" style=\"opacity: 0.25;\"><\/div><\/div><img decoding=\"async\" class=\"wp-image-4010\" src=\"https:\/\/tarnabyalpint.se\/wp-content\/uploads\/2025\/12\/Nyarsafton-Fackelslalom-Skidakning-Tarnaby-Alpint-3x2-ver1-scaled-uai-2133x1707.jpg\" width=\"2133\" height=\"1707\" alt=\"New Year&#039;s Eve Torchlight slalom Skiing T\u00e4rnaby Alpint 3x2 ver1\" \/><\/a><\/div>\n\t\t\t\t\t<\/div>\n\t\t\t\t<\/div><div class=\"t-entry-text\">\n\t\t\t\t\t\t\t\t\t<div class=\"t-entry-text-tc single-block-padding\"><div class=\"t-entry\"><h3 class=\"t-entry-title h4 title-scale\"><a href=\"https:\/\/tarnabyalpint.se\/en\/aktuellt\/fackelslalom-i-ingemarbacken-pa-nyarsafton-2025\/\" target=\"_self\">Torchlight slalom in Ingemarbacken on New Year's Eve<\/a><\/h3><p class=\"t-entry-readmore btn-container\"><a href=\"https:\/\/tarnabyalpint.se\/en\/aktuellt\/fackelslalom-i-ingemarbacken-pa-nyarsafton-2025\/\" class=\"btn btn-link btn-flat\" target=\"_self\">Read more<\/a><\/p><\/div><\/div>\n\t\t\t\t\t\t\t<\/div><\/div><\/div><div class=\"tmb atc-typography-inherit tmb-iso-w4 tmb-iso-h4 img-round img-round-std tmb-light tmb-text-showed tmb-overlay-text-anim tmb-overlay-anim tmb-content-left tmb-text-space-reduced tmb-image-anim tmb-bordered tmb-meta-size-default tmb-meta-transform-uppercase  grid-cat-193 grid-cat-31 tmb-id-4007 tmb-img-ratio tmb-content-under tmb-media-first tmb-no-bg\" ><div class=\"t-inside no-anim\" ><div class=\"t-entry-visual\"><div class=\"t-entry-visual-tc\"><div class=\"t-entry-visual-cont\"><div class=\"dummy\" style=\"padding-top: 80%;\"><\/div><a role=\"button\" tabindex=\"-1\" href=\"https:\/\/tarnabyalpint.se\/en\/aktuellt\/kvallsakning-i-minimonne-under-mellandagarna-och-nyarshelgen-2025\/\" class=\"pushed\" aria-label=\"Tarnaby Alpint Kvallsakning in Minimonne Aktuellt 2\"  target=\"_self\" data-lb-index=\"5\"><div class=\"t-entry-visual-overlay\"><div class=\"t-entry-visual-overlay-in style-dark-bg\" style=\"opacity: 0.25;\"><\/div><\/div><img decoding=\"async\" class=\"wp-image-2059\" src=\"https:\/\/tarnabyalpint.se\/wp-content\/uploads\/2022\/08\/Tarnaby-Alpint-Kvallsakning-i-Minimonne-Aktuellt-2.jpg\" width=\"1536\" height=\"1229\" alt=\"Tarnaby Alpint Kvallsakning in Minimonne Aktuellt 2\" srcset=\"https:\/\/tarnabyalpint.se\/wp-content\/uploads\/2022\/08\/Tarnaby-Alpint-Kvallsakning-i-Minimonne-Aktuellt-2.jpg 1536w, https:\/\/tarnabyalpint.se\/wp-content\/uploads\/2022\/08\/Tarnaby-Alpint-Kvallsakning-i-Minimonne-Aktuellt-2-600x480.jpg 600w, https:\/\/tarnabyalpint.se\/wp-content\/uploads\/2022\/08\/Tarnaby-Alpint-Kvallsakning-i-Minimonne-Aktuellt-2-1400x1120.jpg 1400w, https:\/\/tarnabyalpint.se\/wp-content\/uploads\/2022\/08\/Tarnaby-Alpint-Kvallsakning-i-Minimonne-Aktuellt-2-768x615.jpg 768w\" sizes=\"(max-width: 1536px) 100vw, 1536px\" \/><\/a><\/div>\n\t\t\t\t\t<\/div>\n\t\t\t\t<\/div><div class=\"t-entry-text\">\n\t\t\t\t\t\t\t\t\t<div class=\"t-entry-text-tc single-block-padding\"><div class=\"t-entry\"><h3 class=\"t-entry-title h4 title-scale\"><a href=\"https:\/\/tarnabyalpint.se\/en\/aktuellt\/kvallsakning-i-minimonne-under-mellandagarna-och-nyarshelgen-2025\/\" target=\"_self\">Evening skiing in Minimonne over the Christmas and New Year holidays<\/a><\/h3><p class=\"t-entry-readmore btn-container\"><a href=\"https:\/\/tarnabyalpint.se\/en\/aktuellt\/kvallsakning-i-minimonne-under-mellandagarna-och-nyarshelgen-2025\/\" class=\"btn btn-link btn-flat\" target=\"_self\">Read more<\/a><\/p><\/div><\/div>\n\t\t\t\t\t\t\t<\/div><\/div><\/div><div class=\"tmb atc-typography-inherit tmb-iso-w4 tmb-iso-h4 img-round img-round-std tmb-light tmb-text-showed tmb-overlay-text-anim tmb-overlay-anim tmb-content-left tmb-text-space-reduced tmb-image-anim tmb-bordered tmb-meta-size-default tmb-meta-transform-uppercase  grid-cat-193 grid-cat-31 tmb-id-4005 tmb-img-ratio tmb-content-under tmb-media-first tmb-no-bg\" ><div class=\"t-inside no-anim\" ><div class=\"t-entry-visual\"><div class=\"t-entry-visual-tc\"><div class=\"t-entry-visual-cont\"><div class=\"dummy\" style=\"padding-top: 80%;\"><\/div><a role=\"button\" tabindex=\"-1\" href=\"https:\/\/tarnabyalpint.se\/en\/aktuellt\/hemvandarfest-och-hockeykvallar-pa-sporthotellet-under-julen-2025\/\" class=\"pushed\" aria-label=\"Christmas programme Sporthotellet 2025 T\u00e4rnaby Skiing Alpine Family Coffee Grill Restaurant Sporthotellet 1\"  target=\"_self\" data-lb-index=\"6\"><div class=\"t-entry-visual-overlay\"><div class=\"t-entry-visual-overlay-in style-dark-bg\" style=\"opacity: 0.25;\"><\/div><\/div><img decoding=\"async\" class=\"wp-image-4061\" src=\"https:\/\/tarnabyalpint.se\/wp-content\/uploads\/2025\/12\/Julprogram-Sporthotellet-2025-Tarnaby-Utforsakning-Alpint-Familj-Fika-Grill-Restaurang-Sporthotellet-1-scaled-uai-2133x1707.jpg\" width=\"2133\" height=\"1707\" alt=\"Christmas programme Sporthotellet 2025 T\u00e4rnaby Skiing Alpine Family Coffee Grill Restaurant Sporthotellet 1\" \/><\/a><\/div>\n\t\t\t\t\t<\/div>\n\t\t\t\t<\/div><div class=\"t-entry-text\">\n\t\t\t\t\t\t\t\t\t<div class=\"t-entry-text-tc single-block-padding\"><div class=\"t-entry\"><h3 class=\"t-entry-title h4 title-scale\"><a href=\"https:\/\/tarnabyalpint.se\/en\/aktuellt\/hemvandarfest-och-hockeykvallar-pa-sporthotellet-under-julen-2025\/\" target=\"_self\">Homecoming party and hockey nights at Sporthotellet during Christmas<\/a><\/h3><p class=\"t-entry-readmore btn-container\"><a href=\"https:\/\/tarnabyalpint.se\/en\/aktuellt\/hemvandarfest-och-hockeykvallar-pa-sporthotellet-under-julen-2025\/\" class=\"btn btn-link btn-flat\" target=\"_self\">Read more<\/a><\/p><\/div><\/div>\n\t\t\t\t\t\t\t<\/div><\/div><\/div><div class=\"tmb atc-typography-inherit tmb-iso-w4 tmb-iso-h4 img-round img-round-std tmb-light tmb-text-showed tmb-overlay-text-anim tmb-overlay-anim tmb-content-left tmb-text-space-reduced tmb-image-anim tmb-bordered tmb-meta-size-default tmb-meta-transform-uppercase  grid-cat-193 grid-cat-31 tmb-id-4003 tmb-img-ratio tmb-content-under tmb-media-first tmb-no-bg\" ><div class=\"t-inside no-anim\" ><div class=\"t-entry-visual\"><div class=\"t-entry-visual-tc\"><div class=\"t-entry-visual-cont\"><div class=\"dummy\" style=\"padding-top: 80%;\"><\/div><a role=\"button\" tabindex=\"-1\" href=\"https:\/\/tarnabyalpint.se\/en\/aktuellt\/vaffelstugan-vi-serverar-smarriga-vafflor-under-nyarshelgen-2025\/\" class=\"pushed\" aria-label=\"Upptack Tarnaby Mat nojen Fikastugan 1 web\"  target=\"_self\" data-lb-index=\"7\"><div class=\"t-entry-visual-overlay\"><div class=\"t-entry-visual-overlay-in style-dark-bg\" style=\"opacity: 0.25;\"><\/div><\/div><img decoding=\"async\" class=\"wp-image-1023\" src=\"https:\/\/tarnabyalpint.se\/wp-content\/uploads\/2022\/08\/Upptack-Tarnaby-Mat-nojen-Fikastugan-1-webb-uai-1282x1026.jpg\" width=\"1282\" height=\"1026\" alt=\"Upptack Tarnaby Mat nojen Fikastugan 1 web\" \/><\/a><\/div>\n\t\t\t\t\t<\/div>\n\t\t\t\t<\/div><div class=\"t-entry-text\">\n\t\t\t\t\t\t\t\t\t<div class=\"t-entry-text-tc single-block-padding\"><div class=\"t-entry\"><h3 class=\"t-entry-title h4 title-scale\"><a href=\"https:\/\/tarnabyalpint.se\/en\/aktuellt\/vaffelstugan-vi-serverar-smarriga-vafflor-under-nyarshelgen-2025\/\" target=\"_self\">V\u00e5ffelstugan - we serve delicious waffles during the New Year holidays<\/a><\/h3><p class=\"t-entry-readmore btn-container\"><a href=\"https:\/\/tarnabyalpint.se\/en\/aktuellt\/vaffelstugan-vi-serverar-smarriga-vafflor-under-nyarshelgen-2025\/\" class=\"btn btn-link btn-flat\" target=\"_self\">Read more<\/a><\/p><\/div><\/div>\n\t\t\t\t\t\t\t<\/div><\/div><\/div><div class=\"tmb atc-typography-inherit tmb-iso-w4 tmb-iso-h4 img-round img-round-std tmb-light tmb-text-showed tmb-overlay-text-anim tmb-overlay-anim tmb-content-left tmb-text-space-reduced tmb-image-anim tmb-bordered tmb-meta-size-default tmb-meta-transform-uppercase  grid-cat-193 grid-cat-31 tmb-id-3992 tmb-img-ratio tmb-content-under tmb-media-first tmb-no-bg\" ><div class=\"t-inside no-anim\" ><div class=\"t-entry-visual\"><div class=\"t-entry-visual-tc\"><div class=\"t-entry-visual-cont\"><div class=\"dummy\" style=\"padding-top: 80%;\"><\/div><a role=\"button\" tabindex=\"-1\" href=\"https:\/\/tarnabyalpint.se\/en\/aktuellt\/nyarssupe-i-tarnaby-2025\/\" class=\"pushed\" aria-label=\"Celebration-New Year&#039;s Eve-in-Tarnaby-New Year&#039;s SupperParty-Party-Hotel-1\"  target=\"_self\" data-lb-index=\"8\"><div class=\"t-entry-visual-overlay\"><div class=\"t-entry-visual-overlay-in style-dark-bg\" style=\"opacity: 0.25;\"><\/div><\/div><img decoding=\"async\" class=\"wp-image-3052\" src=\"https:\/\/tarnabyalpint.se\/wp-content\/uploads\/2023\/12\/Fira-Nyarsafton-i-Tarnaby-Fest-Party-Hotell-1-uai-2000x1600.jpg\" width=\"2000\" height=\"1600\" alt=\"Celebration-New Year&#039;s Eve-in-Tarnaby-New Year&#039;s SupperParty-Party-Hotel-1\" \/><\/a><\/div>\n\t\t\t\t\t<\/div>\n\t\t\t\t<\/div><div class=\"t-entry-text\">\n\t\t\t\t\t\t\t\t\t<div class=\"t-entry-text-tc single-block-padding\"><div class=\"t-entry\"><h3 class=\"t-entry-title h4 title-scale\"><a href=\"https:\/\/tarnabyalpint.se\/en\/aktuellt\/nyarssupe-i-tarnaby-2025\/\" target=\"_self\">New Year's supper - celebrate in 2026 in T\u00e4rnaby<\/a><\/h3><p class=\"t-entry-readmore btn-container\"><a href=\"https:\/\/tarnabyalpint.se\/en\/aktuellt\/nyarssupe-i-tarnaby-2025\/\" class=\"btn btn-link btn-flat\" target=\"_self\">Read more<\/a><\/p><\/div><\/div>\n\t\t\t\t\t\t\t<\/div><\/div><\/div><div class=\"tmb atc-typography-inherit tmb-iso-w4 tmb-iso-h4 img-round img-round-std tmb-light tmb-text-showed tmb-overlay-text-anim tmb-overlay-anim tmb-content-left tmb-text-space-reduced tmb-image-anim tmb-bordered tmb-meta-size-default tmb-meta-transform-uppercase  grid-cat-193 grid-cat-31 tmb-id-3989 tmb-img-ratio tmb-content-under tmb-media-first tmb-no-bg\" ><div class=\"t-inside no-anim\" ><div class=\"t-entry-visual\"><div class=\"t-entry-visual-tc\"><div class=\"t-entry-visual-cont\"><div class=\"dummy\" style=\"padding-top: 80%;\"><\/div><a role=\"button\" tabindex=\"-1\" href=\"https:\/\/tarnabyalpint.se\/en\/aktuellt\/julbord-pa-tarnaby-fjallhotell-2025\/\" class=\"pushed\" aria-label=\"Christmas table Tarnaby Fjallhotell Christmas Eve Food Accommodation Ski touring Slalom Skiing Hemavan ver2\"  target=\"_self\" data-lb-index=\"9\"><div class=\"t-entry-visual-overlay\"><div class=\"t-entry-visual-overlay-in style-dark-bg\" style=\"opacity: 0.25;\"><\/div><\/div><img decoding=\"async\" class=\"wp-image-3995\" src=\"https:\/\/tarnabyalpint.se\/wp-content\/uploads\/2025\/12\/Julbord-Tarnaby-Fjallhotell-Julafton-Mat-Boende-Utforsakning-Slalom-Skidakning-Hemavan-ver2-uai-1553x1243.jpg\" width=\"1553\" height=\"1243\" alt=\"Christmas table Tarnaby Fjallhotell Christmas Eve Food Accommodation Ski touring Slalom Skiing Hemavan ver2\" \/><\/a><\/div>\n\t\t\t\t\t<\/div>\n\t\t\t\t<\/div><div class=\"t-entry-text\">\n\t\t\t\t\t\t\t\t\t<div class=\"t-entry-text-tc single-block-padding\"><div class=\"t-entry\"><h3 class=\"t-entry-title h4 title-scale\"><a href=\"https:\/\/tarnabyalpint.se\/en\/aktuellt\/julbord-pa-tarnaby-fjallhotell-2025\/\" target=\"_self\">Christmas table at T\u00e4rnaby Fj\u00e4llhotell<\/a><\/h3><p class=\"t-entry-readmore btn-container\"><a href=\"https:\/\/tarnabyalpint.se\/en\/aktuellt\/julbord-pa-tarnaby-fjallhotell-2025\/\" class=\"btn btn-link btn-flat\" target=\"_self\">Read more<\/a><\/p><\/div><\/div>\n\t\t\t\t\t\t\t<\/div><\/div><\/div><div class=\"tmb atc-typography-inherit tmb-iso-w4 tmb-iso-h4 img-round img-round-std tmb-light tmb-text-showed tmb-overlay-text-anim tmb-overlay-anim tmb-content-left tmb-text-space-reduced tmb-image-anim tmb-bordered tmb-meta-size-default tmb-meta-transform-uppercase  grid-cat-31 grid-cat-193 tmb-id-3987 tmb-img-ratio tmb-content-under tmb-media-first tmb-no-bg\" ><div class=\"t-inside no-anim\" ><div class=\"t-entry-visual\"><div class=\"t-entry-visual-tc\"><div class=\"t-entry-visual-cont\"><div class=\"dummy\" style=\"padding-top: 80%;\"><\/div><a role=\"button\" tabindex=\"-1\" href=\"https:\/\/tarnabyalpint.se\/en\/aktuellt\/testa-skidor-under-jul-och-nyars-hos-p3-skidshop-2025\/\" class=\"pushed\" aria-label=\"Temp Photo P3 Skidshop 3\"  target=\"_self\" data-lb-index=\"10\"><div class=\"t-entry-visual-overlay\"><div class=\"t-entry-visual-overlay-in style-dark-bg\" style=\"opacity: 0.25;\"><\/div><\/div><img decoding=\"async\" class=\"wp-image-734\" src=\"https:\/\/tarnabyalpint.se\/wp-content\/uploads\/2022\/06\/Temp-Foto-P3-Skidshop-3-uai-1080x864.jpg\" width=\"1080\" height=\"864\" alt=\"Temp Photo P3 Skidshop 3\" \/><\/a><\/div>\n\t\t\t\t\t<\/div>\n\t\t\t\t<\/div><div class=\"t-entry-text\">\n\t\t\t\t\t\t\t\t\t<div class=\"t-entry-text-tc single-block-padding\"><div class=\"t-entry\"><h3 class=\"t-entry-title h4 title-scale\"><a href=\"https:\/\/tarnabyalpint.se\/en\/aktuellt\/testa-skidor-under-jul-och-nyars-hos-p3-skidshop-2025\/\" target=\"_self\">Test skis during Christmas and New Year at P3 Skidshop<\/a><\/h3><p class=\"t-entry-readmore btn-container\"><a href=\"https:\/\/tarnabyalpint.se\/en\/aktuellt\/testa-skidor-under-jul-och-nyars-hos-p3-skidshop-2025\/\" class=\"btn btn-link btn-flat\" target=\"_self\">Read more<\/a><\/p><\/div><\/div>\n\t\t\t\t\t\t\t<\/div><\/div><\/div>\t\t<\/div>\t\n\t\n\n\t<\/div>\t\t\t\t<\/div>\n<\/div><\/div><\/div><\/div><\/div><div class=\"wpb_column pos-top pos-center align_left column_parent col-lg-6 single-internal-gutter\"><div class=\"uncol style-light\"  ><div class=\"uncoltable\"><div class=\"uncell  vc_custom_1705650041799 single-block-padding style-color-tb-grl-e8ebe1-bg has-bg  unradius-std\" style=\"padding-top: 9px ;padding-bottom: 18px ;\" ><div class=\"uncont\" ><div class=\"uncode_text_column\"  id=\"programmet\"><\/p>\n<h3><span style=\"color: #002c48;\">Christmas and New Year 2025 programme<\/span><\/h3>\n<h4>Wednesday 24\/12 - Christmas Eve in Ingemarbacken<\/h4>\n<p>10:00-14:00 <strong>Ingemarbacken and Lasseliften open. <\/strong>Ham sandwiches, mulled wine and coffee are available at Cafe T\u00e4rningen which is open.<br \/>\n12:00 <strong>The T\u00e4rnaby site<\/strong> bring sweets for the children.<br \/>\n<strong>Christmas table at Fj\u00e4llhotellet.<\/strong> For booking tarnabyfjallhotell.com, 0954-10420. <strong><a href=\"https:\/\/tarnabyalpint.se\/en\/topical\/christmas-table-at-tarnaby-fjallhotell-2025\/\">More info \u00bb<\/a><\/strong><\/p>\n<h4>Thursday 25 December<\/h4>\n<p>10:00-16:00 T\u00e4rnaby slopes are open for skiing.<\/p>\n<h4>Friday 26 December<\/h4>\n<p><strong>We offer mulled wine and gingerbread<\/strong> at the Ingemar lift.<\/p>\n<h4>Saturday 27 December<\/h4>\n<p>18:00-20:00 <strong>Evening skiing in Minimonne.<\/strong><br \/>\n<strong>Homecoming party at the Sporthotel.<\/strong> DJ Simu plays music, socialise with new and old friends at Sporthotellet a party for everyone. More info Sporthotellet. 0954-10416<\/p>\n<h4>Sunday 28 December<\/h4>\n<p>18:00-20:00 <strong>Dark skating in Ingemarbacken.<\/strong> Welcome to a fun skiing experience that suits both young and old. <span style=\"font-weight: 400;\">Headlamps are available to borrow at Ingemarbacken.<\/span><br \/>\n18:00-20:00 <strong>Evening skiing in Minimonne.<br \/>\nHockey night<\/strong> in the Sports Bar at the Sporthotel.<\/p>\n<h4>Monday 29 December<\/h4>\n<p>18:00-20:00 <strong>Evening skiing in Minimonne.<\/strong><br \/>\n<strong>Hockey night<\/strong> in the Sports Bar at the Sporthotel.<br \/>\n<strong><span style=\"font-weight: 400;\"><strong>Pizza buffet<\/strong> at the Sport Hotel.<\/span><\/strong><\/p>\n<h4>Tuesday 30 December<\/h4>\n<p>11:30-15:00 <strong>The Waffle House<\/strong> open with waffles<br \/>\n18:00-20:00 <strong>Dark skating in Ingemarbacken.<\/strong> Welcome to a fun skiing experience that suits both young and old. Headlamps are available to borrow at Ingemarbacken.<br \/>\n18:00-20:00 <strong>Evening skiing in Minimonne<\/strong><br \/>\n<strong>Hockey night<\/strong> SHL in the Sports Bar at Sporthotellet.<\/p>\n<h4>Wednesday 31 December<\/h4>\n<p>11:30-15:00 <strong>The Waffle House<\/strong> open with waffles - celebrate the new year with delicious waffles.<br \/>\n16:00 <strong>Torchlight procession in Ingemarbacken.<\/strong> Don't miss this tradition - put on your skis, bring your children and young people and we will end the year on the slopes together. We gather at 15:40 down at the Ingemar lift.<br \/>\n18:00-20:00 <strong>Evening skiing<\/strong> in the Minimonne.<br \/>\n<strong>New Year's Eve supper<\/strong> at Fj\u00e4llhotellet. More information tarnabyfjallhotell.com. Bookings on 0954-10420.<br \/>\n<strong>New Year's dinner<\/strong> at Sporthotellet. More information tarnabysporthotel.se . Bookable on 0954-10416.<\/p>\n<h4>Thursday 1 January<\/h4>\n<p>18:00-20:00 <strong>Evening skiing in Minimonne.<br \/>\nBig pizza day at the Sporthotel.<\/strong> The oven runs hot from 11.30 - 21.00.<\/p>\n<h4>Friday 2 January<\/h4>\n<p>18:00-20:00 <strong>Evening skiing in Minimonne.<br \/>\nHockey night<\/strong> in the Sports Bar at the Sporthotel.<strong><br \/>\n<\/strong><\/p>\n<h4>Saturday 3 January<\/h4>\n<p><strong>Hockey night<\/strong> in the Sports Bar at the Sporthotel.<\/p>\n<h4>Sunday 4 January<\/h4>\n<p>10:00-16:00 T\u00e4rnaby slopes are open for skiing.<\/p>\n<h4>Monday 5 January<\/h4>\n<p>10:00-16:00 T\u00e4rnaby slopes are open for skiing.<\/p>\n<h4>Monday 6 January<\/h4>\n<p>10:00-16:00 T\u00e4rnaby slopes are open for skiing.<\/p>\n<p><span style=\"color: #002c48;\"><strong><a style=\"color: #002c48;\" href=\"https:\/\/tarnabyalpint.se\/en\/ski-waxing\/slopes-and-lifts\/\">Here you can find the opening hours of the lifts \u00bb<\/a><\/strong><\/span><\/p>\n<\/div><\/div><\/div><\/div><\/div><\/div><script id=\"script-row-unique-1\" data-row=\"script-row-unique-1\" type=\"text\/javascript\" class=\"vc_controls\">UNCODE.initRow(document.getElementById(\"row-unique-1\"));<\/script><\/div><\/div><\/div><div data-parent=\"true\" class=\"vc_row row-container\" id=\"row-unique-2\"><div class=\"row limit-width row-parent\"><div class=\"wpb_row row-inner\"><div class=\"wpb_column pos-top pos-center align_left column_parent col-lg-2 mobile-hidden single-internal-gutter\"><div class=\"uncol style-light\"  ><div class=\"uncoltable\"><div class=\"uncell no-block-padding\" ><div class=\"uncont\" ><\/div><\/div><\/div><\/div><\/div><div class=\"wpb_column pos-top pos-center align_center column_parent col-lg-8 single-internal-gutter\"><div class=\"uncol style-light\"  ><div class=\"uncoltable\"><div class=\"uncell no-block-padding\" ><div class=\"uncont\" ><div class=\"vc_custom_heading_wrap\"><div class=\"heading-text el-text\" ><h3 class=\"h3\" ><span><\/p><\/span><span><h2 style=\"text-align: center;\">|<\/h2><\/span><span><h3 style=\"text-align: center;\">Welcome to a fantastic Christmas and New Year in T\u00e4rnaby with your family. The best days are spent in the mountains.<\/h3><\/span><span><p><\/span><\/h3><\/div><div class=\"clear\"><\/div><\/div><\/div><\/div><\/div><\/div><\/div><div class=\"wpb_column pos-top pos-center align_left column_parent col-lg-2 mobile-hidden single-internal-gutter\"><div class=\"uncol style-light\"  ><div class=\"uncoltable\"><div class=\"uncell no-block-padding\" ><div class=\"uncont\" ><\/div><\/div><\/div><\/div><\/div><script id=\"script-row-unique-2\" data-row=\"script-row-unique-2\" type=\"text\/javascript\" class=\"vc_controls\">UNCODE.initRow(document.getElementById(\"row-unique-2\"));<\/script><\/div><\/div><\/div>\n<\/div>","protected":false},"excerpt":{"rendered":"<p>During Christmas and New Year 2025, all our visitors are offered a packed programme - both on the slopes and off.<\/p>","protected":false},"featured_media":3072,"template":"","eventkategori":[179,180,181,12,13,50,91],"class_list":["post-4016","kalender-tarnaby","type-kalender-tarnaby","status-publish","has-post-thumbnail","hentry","eventkategori-nyars","eventkategori-julhelg","eventkategori-nyarshelg","eventkategori-tarnaby-sporthotell","eventkategori-i-alla-backar","eventkategori-jul","eventkategori-tarnaby-fjallhotell"],"acf":[],"yoast_head":"<!-- This site is optimized with the Yoast SEO plugin v27.2 - https:\/\/yoast.com\/product\/yoast-seo-wordpress\/ -->\n<title>Fira jul och ny\u00e5rs i T\u00e4rnaby \u2013 massor med skid\u00e5kning, n\u00f6jen och aktiviteter - T\u00e4rnaby Alpint<\/title>\n<meta name=\"description\" content=\"Under julen &amp; ny\u00e5rs 2025 erbjuds v\u00e5ra bes\u00f6kare ett sp\u00e4ckat program \u2013 b\u00e5de i skidbacken &amp; utanf\u00f6r. Kom till T\u00e4rnaby f\u00f6r h\u00e4rlig skid\u00e5kning!\" \/>\n<meta name=\"robots\" content=\"index, follow, max-snippet:-1, max-image-preview:large, max-video-preview:-1\" \/>\n<link rel=\"canonical\" href=\"https:\/\/tarnabyalpint.se\/en\/tarnaby-calendar\/christmas-new-year-2025\/\" \/>\n<meta property=\"og:locale\" content=\"en_GB\" \/>\n<meta property=\"og:type\" content=\"article\" \/>\n<meta property=\"og:title\" content=\"Fira jul och ny\u00e5rs i T\u00e4rnaby \u2013 massor med skid\u00e5kning, n\u00f6jen och aktiviteter - T\u00e4rnaby Alpint\" \/>\n<meta property=\"og:description\" content=\"Under julen &amp; ny\u00e5rs 2025 erbjuds v\u00e5ra bes\u00f6kare ett sp\u00e4ckat program \u2013 b\u00e5de i skidbacken &amp; utanf\u00f6r. Kom till T\u00e4rnaby f\u00f6r h\u00e4rlig skid\u00e5kning!\" \/>\n<meta property=\"og:url\" content=\"https:\/\/tarnabyalpint.se\/en\/tarnaby-calendar\/christmas-new-year-2025\/\" \/>\n<meta property=\"og:site_name\" content=\"T\u00e4rnaby Alpint\" \/>\n<meta property=\"article:publisher\" content=\"https:\/\/www.facebook.com\/profile.php?id=100063492703007\" \/>\n<meta property=\"article:modified_time\" content=\"2025-12-18T11:48:40+00:00\" \/>\n<meta property=\"og:image\" content=\"https:\/\/tarnabyalpint.se\/wp-content\/uploads\/2022\/12\/Julprogram-Tarnaby-Alpint-Julafton-Jul-Nyars-Skidakning-Friakning-Tarnaby-Alpint-webb-ver2-scaled.jpg\" \/>\n\t<meta property=\"og:image:width\" content=\"2560\" \/>\n\t<meta property=\"og:image:height\" content=\"1707\" \/>\n\t<meta property=\"og:image:type\" content=\"image\/jpeg\" \/>\n<meta name=\"twitter:card\" content=\"summary_large_image\" \/>\n<meta name=\"twitter:label1\" content=\"Estimated reading time\" \/>\n\t<meta name=\"twitter:data1\" content=\"4 minutes\" \/>\n<script type=\"application\/ld+json\" class=\"yoast-schema-graph\">{\"@context\":\"https:\/\/schema.org\",\"@graph\":[{\"@type\":\"WebPage\",\"@id\":\"https:\/\/tarnabyalpint.se\/kalender-tarnaby\/jul-nyars-2025\/\",\"url\":\"https:\/\/tarnabyalpint.se\/kalender-tarnaby\/jul-nyars-2025\/\",\"name\":\"Fira jul och ny\u00e5rs i T\u00e4rnaby \u2013 massor med skid\u00e5kning, n\u00f6jen och aktiviteter - T\u00e4rnaby Alpint\",\"isPartOf\":{\"@id\":\"https:\/\/tarnabyalpint.se\/#website\"},\"primaryImageOfPage\":{\"@id\":\"https:\/\/tarnabyalpint.se\/kalender-tarnaby\/jul-nyars-2025\/#primaryimage\"},\"image\":{\"@id\":\"https:\/\/tarnabyalpint.se\/kalender-tarnaby\/jul-nyars-2025\/#primaryimage\"},\"thumbnailUrl\":\"https:\/\/tarnabyalpint.se\/wp-content\/uploads\/2022\/12\/Julprogram-Tarnaby-Alpint-Julafton-Jul-Nyars-Skidakning-Friakning-Tarnaby-Alpint-webb-ver2-scaled.jpg\",\"datePublished\":\"2025-12-12T15:25:57+00:00\",\"dateModified\":\"2025-12-18T11:48:40+00:00\",\"description\":\"Under julen & ny\u00e5rs 2025 erbjuds v\u00e5ra bes\u00f6kare ett sp\u00e4ckat program \u2013 b\u00e5de i skidbacken & utanf\u00f6r. Kom till T\u00e4rnaby f\u00f6r h\u00e4rlig skid\u00e5kning!\",\"inLanguage\":\"en-GB\",\"potentialAction\":[{\"@type\":\"ReadAction\",\"target\":[\"https:\/\/tarnabyalpint.se\/kalender-tarnaby\/jul-nyars-2025\/\"]}]},{\"@type\":\"ImageObject\",\"inLanguage\":\"en-GB\",\"@id\":\"https:\/\/tarnabyalpint.se\/kalender-tarnaby\/jul-nyars-2025\/#primaryimage\",\"url\":\"https:\/\/tarnabyalpint.se\/wp-content\/uploads\/2022\/12\/Julprogram-Tarnaby-Alpint-Julafton-Jul-Nyars-Skidakning-Friakning-Tarnaby-Alpint-webb-ver2-scaled.jpg\",\"contentUrl\":\"https:\/\/tarnabyalpint.se\/wp-content\/uploads\/2022\/12\/Julprogram-Tarnaby-Alpint-Julafton-Jul-Nyars-Skidakning-Friakning-Tarnaby-Alpint-webb-ver2-scaled.jpg\",\"width\":2560,\"height\":1707,\"caption\":\"Julprogram T\u00e4rnaby Alpint Julafton Jul Ny\u00e5rs Skid\u00e5kning Fri\u00e5kning T\u00e4rnaby Alpint webb ver2\"},{\"@type\":\"WebSite\",\"@id\":\"https:\/\/tarnabyalpint.se\/#website\",\"url\":\"https:\/\/tarnabyalpint.se\/\",\"name\":\"T\u00e4rnaby Alpint\",\"description\":\"En till WordPress-webbplats\",\"publisher\":{\"@id\":\"https:\/\/tarnabyalpint.se\/#organization\"},\"potentialAction\":[{\"@type\":\"SearchAction\",\"target\":{\"@type\":\"EntryPoint\",\"urlTemplate\":\"https:\/\/tarnabyalpint.se\/?s={search_term_string}\"},\"query-input\":{\"@type\":\"PropertyValueSpecification\",\"valueRequired\":true,\"valueName\":\"search_term_string\"}}],\"inLanguage\":\"en-GB\"},{\"@type\":\"Organization\",\"@id\":\"https:\/\/tarnabyalpint.se\/#organization\",\"name\":\"T\u00e4rnaby Alpint\",\"url\":\"https:\/\/tarnabyalpint.se\/\",\"logo\":{\"@type\":\"ImageObject\",\"inLanguage\":\"en-GB\",\"@id\":\"https:\/\/tarnabyalpint.se\/#\/schema\/logo\/image\/\",\"url\":\"https:\/\/tarnabyalpint.se\/wp-content\/uploads\/2022\/08\/tarnaby-alpint-white-blue-logo.jpg\",\"contentUrl\":\"https:\/\/tarnabyalpint.se\/wp-content\/uploads\/2022\/08\/tarnaby-alpint-white-blue-logo.jpg\",\"width\":900,\"height\":610,\"caption\":\"T\u00e4rnaby Alpint\"},\"image\":{\"@id\":\"https:\/\/tarnabyalpint.se\/#\/schema\/logo\/image\/\"},\"sameAs\":[\"https:\/\/www.facebook.com\/profile.php?id=100063492703007\"]}]}<\/script>\n<!-- \/ Yoast SEO plugin. -->","yoast_head_json":{"title":"Celebrate Christmas and New Year in T\u00e4rnaby - lots of skiing, fun and activities - T\u00e4rnaby Alpint","description":"During Christmas &amp; New Year 2025, our visitors are offered a packed programme - both on the slopes and off. Come to T\u00e4rnaby for great skiing!","robots":{"index":"index","follow":"follow","max-snippet":"max-snippet:-1","max-image-preview":"max-image-preview:large","max-video-preview":"max-video-preview:-1"},"canonical":"https:\/\/tarnabyalpint.se\/en\/tarnaby-calendar\/christmas-new-year-2025\/","og_locale":"en_GB","og_type":"article","og_title":"Fira jul och ny\u00e5rs i T\u00e4rnaby \u2013 massor med skid\u00e5kning, n\u00f6jen och aktiviteter - T\u00e4rnaby Alpint","og_description":"Under julen & ny\u00e5rs 2025 erbjuds v\u00e5ra bes\u00f6kare ett sp\u00e4ckat program \u2013 b\u00e5de i skidbacken & utanf\u00f6r. Kom till T\u00e4rnaby f\u00f6r h\u00e4rlig skid\u00e5kning!","og_url":"https:\/\/tarnabyalpint.se\/en\/tarnaby-calendar\/christmas-new-year-2025\/","og_site_name":"T\u00e4rnaby Alpint","article_publisher":"https:\/\/www.facebook.com\/profile.php?id=100063492703007","article_modified_time":"2025-12-18T11:48:40+00:00","og_image":[{"width":2560,"height":1707,"url":"https:\/\/tarnabyalpint.se\/wp-content\/uploads\/2022\/12\/Julprogram-Tarnaby-Alpint-Julafton-Jul-Nyars-Skidakning-Friakning-Tarnaby-Alpint-webb-ver2-scaled.jpg","type":"image\/jpeg"}],"twitter_card":"summary_large_image","twitter_misc":{"Estimated reading time":"4 minutes"},"schema":{"@context":"https:\/\/schema.org","@graph":[{"@type":"WebPage","@id":"https:\/\/tarnabyalpint.se\/kalender-tarnaby\/jul-nyars-2025\/","url":"https:\/\/tarnabyalpint.se\/kalender-tarnaby\/jul-nyars-2025\/","name":"Celebrate Christmas and New Year in T\u00e4rnaby - lots of skiing, fun and activities - T\u00e4rnaby Alpint","isPartOf":{"@id":"https:\/\/tarnabyalpint.se\/#website"},"primaryImageOfPage":{"@id":"https:\/\/tarnabyalpint.se\/kalender-tarnaby\/jul-nyars-2025\/#primaryimage"},"image":{"@id":"https:\/\/tarnabyalpint.se\/kalender-tarnaby\/jul-nyars-2025\/#primaryimage"},"thumbnailUrl":"https:\/\/tarnabyalpint.se\/wp-content\/uploads\/2022\/12\/Julprogram-Tarnaby-Alpint-Julafton-Jul-Nyars-Skidakning-Friakning-Tarnaby-Alpint-webb-ver2-scaled.jpg","datePublished":"2025-12-12T15:25:57+00:00","dateModified":"2025-12-18T11:48:40+00:00","description":"During Christmas &amp; New Year 2025, our visitors are offered a packed programme - both on the slopes and off. Come to T\u00e4rnaby for great skiing!","inLanguage":"en-GB","potentialAction":[{"@type":"ReadAction","target":["https:\/\/tarnabyalpint.se\/kalender-tarnaby\/jul-nyars-2025\/"]}]},{"@type":"ImageObject","inLanguage":"en-GB","@id":"https:\/\/tarnabyalpint.se\/kalender-tarnaby\/jul-nyars-2025\/#primaryimage","url":"https:\/\/tarnabyalpint.se\/wp-content\/uploads\/2022\/12\/Julprogram-Tarnaby-Alpint-Julafton-Jul-Nyars-Skidakning-Friakning-Tarnaby-Alpint-webb-ver2-scaled.jpg","contentUrl":"https:\/\/tarnabyalpint.se\/wp-content\/uploads\/2022\/12\/Julprogram-Tarnaby-Alpint-Julafton-Jul-Nyars-Skidakning-Friakning-Tarnaby-Alpint-webb-ver2-scaled.jpg","width":2560,"height":1707,"caption":"Julprogram T\u00e4rnaby Alpint Julafton Jul Ny\u00e5rs Skid\u00e5kning Fri\u00e5kning T\u00e4rnaby Alpint webb ver2"},{"@type":"WebSite","@id":"https:\/\/tarnabyalpint.se\/#website","url":"https:\/\/tarnabyalpint.se\/","name":"T\u00e4rnaby Alpine Skiing","description":"Another WordPress website","publisher":{"@id":"https:\/\/tarnabyalpint.se\/#organization"},"potentialAction":[{"@type":"SearchAction","target":{"@type":"EntryPoint","urlTemplate":"https:\/\/tarnabyalpint.se\/?s={search_term_string}"},"query-input":{"@type":"PropertyValueSpecification","valueRequired":true,"valueName":"search_term_string"}}],"inLanguage":"en-GB"},{"@type":"Organization","@id":"https:\/\/tarnabyalpint.se\/#organization","name":"T\u00e4rnaby Alpine Skiing","url":"https:\/\/tarnabyalpint.se\/","logo":{"@type":"ImageObject","inLanguage":"en-GB","@id":"https:\/\/tarnabyalpint.se\/#\/schema\/logo\/image\/","url":"https:\/\/tarnabyalpint.se\/wp-content\/uploads\/2022\/08\/tarnaby-alpint-white-blue-logo.jpg","contentUrl":"https:\/\/tarnabyalpint.se\/wp-content\/uploads\/2022\/08\/tarnaby-alpint-white-blue-logo.jpg","width":900,"height":610,"caption":"T\u00e4rnaby Alpint"},"image":{"@id":"https:\/\/tarnabyalpint.se\/#\/schema\/logo\/image\/"},"sameAs":["https:\/\/www.facebook.com\/profile.php?id=100063492703007"]}]}},"_links":{"self":[{"href":"https:\/\/tarnabyalpint.se\/en\/wp-json\/wp\/v2\/kalender-tarnaby\/4016","targetHints":{"allow":["GET"]}}],"collection":[{"href":"https:\/\/tarnabyalpint.se\/en\/wp-json\/wp\/v2\/kalender-tarnaby"}],"about":[{"href":"https:\/\/tarnabyalpint.se\/en\/wp-json\/wp\/v2\/types\/kalender-tarnaby"}],"version-history":[{"count":3,"href":"https:\/\/tarnabyalpint.se\/en\/wp-json\/wp\/v2\/kalender-tarnaby\/4016\/revisions"}],"predecessor-version":[{"id":4036,"href":"https:\/\/tarnabyalpint.se\/en\/wp-json\/wp\/v2\/kalender-tarnaby\/4016\/revisions\/4036"}],"wp:featuredmedia":[{"embeddable":true,"href":"https:\/\/tarnabyalpint.se\/en\/wp-json\/wp\/v2\/media\/3072"}],"wp:attachment":[{"href":"https:\/\/tarnabyalpint.se\/en\/wp-json\/wp\/v2\/media?parent=4016"}],"wp:term":[{"taxonomy":"eventkategori","embeddable":true,"href":"https:\/\/tarnabyalpint.se\/en\/wp-json\/wp\/v2\/eventkategori?post=4016"}],"curies":[{"name":"wp","href":"https:\/\/api.w.org\/{rel}","templated":true}]}}